{"id":2519,"date":"2022-06-14T09:29:51","date_gmt":"2022-06-14T07:29:51","guid":{"rendered":"https:\/\/brucherlaw.lu\/?page_id=2519\/"},"modified":"2026-02-11T10:20:00","modified_gmt":"2026-02-11T09:20:00","slug":"quisommesnous-2","status":"publish","type":"page","link":"https:\/\/brucherlaw.lu\/fr\/quisommesnous-2\/","title":{"rendered":"QUI SOMMES-NOUS ?"},"content":{"rendered":"<p><div id=\"shareholders_disputes\"><div class=\"fusion-fullwidth fullwidth-box fusion-builder-row-1 nonhundred-percent-fullwidth non-hundred-percent-height-scrolling\" style=\"background-color: #f6f6f6;background-position: center center;background-repeat: no-repeat;padding-top:20px;padding-right:0px;padding-bottom:0px;padding-left:0px;margin-bottom: 0px;margin-top: 0px;border-width: 0px 0px 0px 0px;border-color:#eae9e9;border-style:solid;\" ><div class=\"fusion-builder-row fusion-row\"><div class=\"fusion-layout-column fusion_builder_column fusion-builder-column-0 fusion_builder_column_1_1 1_1 fusion-one-full fusion-column-first fusion-column-last\" style=\"margin-top:20px;margin-bottom:20px;\"><div class=\"fusion-column-wrapper fusion-flex-column-wrapper-legacy\" style=\"background-position:left top;background-repeat:no-repeat;-webkit-background-size:cover;-moz-background-size:cover;-o-background-size:cover;background-size:cover;padding: 0px 0px 0px 0px;\"><div class=\"fusion-text fusion-text-1\"><p>Brucher, Thieltgen &amp; Partners, cabinet d&rsquo;avocats \u00e9tabli \u00e0 Luxembourg-ville au c\u0153ur du centre financier international, est un cabinet multidisciplinaire actif dans le domaine du droit des affaires.<\/p>\n<p>Reconnus dans le domaine des litiges complexes, nous sommes en charge d&rsquo;<strong><span style=\"color: #6ba326;\">affaires complexes <\/span><\/strong>n\u00e9cessitant des comp\u00e9tences analytiques, tactiques et pratiques. Nos d\u00e9partements de droit bancaire et financier et de droit des soci\u00e9t\u00e9s sont \u00e9galement r\u00e9put\u00e9s pour traiter des affaires sophistiqu\u00e9es. Nous disposons en outre de task forces pour les litiges entre actionnaires, les proc\u00e9dures de restructuration, le droit du travail, le droit immobilier, le droit du sport, le droit de la propri\u00e9t\u00e9 intellectuelle et du num\u00e9rique, le droit p\u00e9nal des affaires et la fiscalit\u00e9.<\/p>\n<p>Nos collaborateurs, <strong><span style=\"color: #6ba326;\">innovants et polyvalents<\/span><\/strong>, apportent <strong><span style=\"color: #6ba326;\">des solutions sur mesure<\/span><\/strong>\u00a0aux entreprises et aux entrepreneurs.<\/p>\n<p>En croissance constante depuis 2010, le cabinet b\u00e9n\u00e9ficie d&rsquo;une bonne notori\u00e9t\u00e9 sur le march\u00e9 luxembourgeois, reconnue par nos pairs et les annuaires juridiques.<\/p>\n<p><strong><span style=\"color: #6ba326;\">Le facteur humain<\/span><\/strong> est au c\u0153ur m\u00eame de notre activit\u00e9 et de notre ADN. Nous voulons le meilleur pour nos clients et pour nos collaborateurs. Nous mettons un point d&rsquo;honneur \u00e0 construire de <strong><span style=\"color: #6ba326;\">v\u00e9ritables relations de travail.<\/span><\/strong><\/p>\n<\/div><div class=\"fusion-clearfix\"><\/div><\/div><\/div><\/div><\/div><\/div><div class=\"fusion-fullwidth fullwidth-box fusion-builder-row-2 nonhundred-percent-fullwidth non-hundred-percent-height-scrolling\" style=\"background-color: rgba(255,255,255,0);background-position: center center;background-repeat: no-repeat;padding-top:0px;padding-right:0px;padding-bottom:0px;padding-left:0px;margin-bottom: 0px;margin-top: 0px;border-width: 0px 0px 0px 0px;border-color:#eae9e9;border-style:solid;\" ><div class=\"fusion-builder-row fusion-row\"><div class=\"fusion-layout-column fusion_builder_column fusion-builder-column-1 fusion_builder_column_1_1 1_1 fusion-one-full fusion-column-first fusion-column-last\" style=\"margin-top:20px;margin-bottom:20px;\"><div class=\"fusion-column-wrapper fusion-flex-column-wrapper-legacy\" style=\"background-position:left top;background-repeat:no-repeat;-webkit-background-size:cover;-moz-background-size:cover;-o-background-size:cover;background-size:cover;padding: 0px 0px 0px 0px;\"><span class=\" fusion-imageframe imageframe-none imageframe-1 hover-type-none\"><img decoding=\"async\" width=\"1280\" height=\"720\" title=\"20260211 &#8211; SITE WEB A propos\" src=\"https:\/\/brucherlaw.lu\/wp-content\/uploads\/20260211-SITE-WEB-A-propos.png\" alt class=\"img-responsive wp-image-5786\"\/><\/span><div class=\"fusion-clearfix\"><\/div><\/div><\/div><\/div><\/div><div class=\"fusion-fullwidth fullwidth-box fusion-builder-row-3 nonhundred-percent-fullwidth non-hundred-percent-height-scrolling\" style=\"background-color: #ffffff;background-position: center center;background-repeat: no-repeat;padding-top:20px;padding-right:0px;padding-bottom:0px;padding-left:0px;margin-bottom: 0px;margin-top: 0px;border-width: 0px 0px 0px 0px;border-color:#eae9e9;border-style:solid;\" ><div class=\"fusion-builder-row fusion-row\"><div class=\"fusion-layout-column fusion_builder_column fusion-builder-column-2 fusion_builder_column_1_1 1_1 fusion-one-full fusion-column-first fusion-column-last\" style=\"margin-top:20px;margin-bottom:20px;\"><div class=\"fusion-column-wrapper fusion-flex-column-wrapper-legacy\" style=\"background-position:left top;background-repeat:no-repeat;-webkit-background-size:cover;-moz-background-size:cover;-o-background-size:cover;background-size:cover;padding: 0px 0px 0px 0px;\"><div class=\"fusion-text fusion-text-2\"><h4>Ces derni\u00e8res ann\u00e9es, Brucher Thieltgen &amp; Partners a obtenu les r\u00e9compenses suivantes :<\/h4>\n<\/div><div class=\"fusion-clearfix\"><\/div><\/div><\/div><div class=\"fusion-layout-column fusion_builder_column fusion-builder-column-3 fusion_builder_column_1_2 1_2 fusion-one-half fusion-column-first\" style=\"width:50%;width:calc(50% - ( ( 4% ) * 0.5 ) );margin-right: 4%;margin-top:20px;margin-bottom:20px;\"><div class=\"fusion-column-wrapper fusion-flex-column-wrapper-legacy\" style=\"background-position:left top;background-repeat:no-repeat;-webkit-background-size:cover;-moz-background-size:cover;-o-background-size:cover;background-size:cover;padding: 0px 0px 0px 0px;\"><div class=\"fusion-clearfix\"><\/div><\/div><\/div><div class=\"fusion-layout-column fusion_builder_column fusion-builder-column-4 fusion_builder_column_1_2 1_2 fusion-one-half fusion-column-last\" style=\"width:50%;width:calc(50% - ( ( 4% ) * 0.5 ) );margin-top:20px;margin-bottom:20px;\"><div class=\"fusion-column-wrapper fusion-flex-column-wrapper-legacy\" style=\"background-position:left top;background-repeat:no-repeat;-webkit-background-size:cover;-moz-background-size:cover;-o-background-size:cover;background-size:cover;padding: 0px 0px 0px 0px;\"><div class=\"fusion-clearfix\"><\/div><\/div><\/div><div class=\"fusion-layout-column fusion_builder_column fusion-builder-column-5 fusion_builder_column_1_3 1_3 fusion-one-third fusion-column-first\" style=\"width:33.333333333333%;width:calc(33.333333333333% - ( ( 4% + 4% ) * 0.33333333333333 ) );margin-right: 4%;margin-top:20px;margin-bottom:20px;\"><div class=\"fusion-column-wrapper fusion-flex-column-wrapper-legacy\" style=\"background-position:left top;background-repeat:no-repeat;-webkit-background-size:cover;-moz-background-size:cover;-o-background-size:cover;background-size:cover;padding: 0px 0px 0px 0px;\"><div class=\"fusion-text fusion-text-3\"><ul>\n<li><strong>Meilleur Cabinet Luxembourg 2021<\/strong><\/li>\n<\/ul>\n<p><img decoding=\"async\" class=\"alignnone wp-image-2745\" src=\"https:\/\/brucherlaw.lu\/wp-content\/uploads\/Sommet-du-droit-meilleur-cabinet-luxembourg-2021.png\" alt=\"\" width=\"350\" height=\"263\" \/><\/p>\n<\/div><div class=\"fusion-clearfix\"><\/div><\/div><\/div><div class=\"fusion-layout-column fusion_builder_column fusion-builder-column-6 fusion_builder_column_1_3 1_3 fusion-one-third\" style=\"width:33.333333333333%;width:calc(33.333333333333% - ( ( 4% + 4% ) * 0.33333333333333 ) );margin-right: 4%;margin-top:20px;margin-bottom:20px;\"><div class=\"fusion-column-wrapper fusion-flex-column-wrapper-legacy\" style=\"background-position:left top;background-repeat:no-repeat;-webkit-background-size:cover;-moz-background-size:cover;-o-background-size:cover;background-size:cover;padding: 0px 0px 0px 0px;\"><div class=\"fusion-text fusion-text-4\"><ul>\n<li><strong>Certification Great Place to Work depuis 2021<\/strong><\/li>\n<\/ul>\n<p><img decoding=\"async\" class=\"alignnone wp-image-4090\" src=\"https:\/\/brucherlaw.lu\/wp-content\/uploads\/Great-place-to-work-2024.png\" alt=\"\" width=\"400\" height=\"259\" \/><\/p>\n<\/div><div class=\"fusion-clearfix\"><\/div><\/div><\/div><div class=\"fusion-layout-column fusion_builder_column fusion-builder-column-7 fusion_builder_column_1_3 1_3 fusion-one-third fusion-column-last\" style=\"width:33.333333333333%;width:calc(33.333333333333% - ( ( 4% + 4% ) * 0.33333333333333 ) );margin-top:20px;margin-bottom:20px;\"><div class=\"fusion-column-wrapper fusion-flex-column-wrapper-legacy\" style=\"background-position:left top;background-repeat:no-repeat;-webkit-background-size:cover;-moz-background-size:cover;-o-background-size:cover;background-size:cover;padding: 0px 0px 0px 0px;\"><div class=\"fusion-text fusion-text-5\"><ul>\n<li><strong>Best Workplaces 2024 Luxembourg<\/strong><\/li>\n<\/ul>\n<p><img decoding=\"async\" class=\"alignnone wp-image-4094\" src=\"https:\/\/brucherlaw.lu\/wp-content\/uploads\/2024_Luxembourg_Small-Companies-Copie.png\" alt=\"\" width=\"250\" height=\"239\" \/><\/p>\n<\/div><div class=\"fusion-clearfix\"><\/div><\/div><\/div><\/div><\/div><div class=\"fusion-fullwidth fullwidth-box fusion-builder-row-4 btp-area-contact nonhundred-percent-fullwidth non-hundred-percent-height-scrolling\" style=\"background-color: rgba(255,255,255,0);background-position: center center;background-repeat: no-repeat;padding-top:0px;padding-right:0px;padding-bottom:0px;padding-left:0px;margin-bottom: 15px;margin-top: 55px;border-width: 0px 0px 0px 0px;border-color:#eae9e9;border-style:solid;\" ><div class=\"fusion-builder-row fusion-row\"><div class=\"fusion-layout-column fusion_builder_column fusion-builder-column-8 fusion_builder_column_1_4 1_4 fusion-one-fourth fusion-column-first btp-ico-email\" style=\"width:25%;width:calc(25% - ( ( 4% + 4% + 4% ) * 0.25 ) );margin-right: 4%;margin-top:20px;margin-bottom:20px;\"><div class=\"fusion-column-wrapper fusion-flex-column-wrapper-legacy\" style=\"background-position:left top;background-repeat:no-repeat;-webkit-background-size:cover;-moz-background-size:cover;-o-background-size:cover;background-size:cover;padding: 0px 0px 0px 0px;\"><div class=\"fusion-text fusion-text-6\"><p><a href=\"mailto:info@brucherlaw.lu\">info@brucherlaw.lu<\/a><\/p>\n<\/div><div class=\"fusion-clearfix\"><\/div><\/div><\/div><div class=\"fusion-layout-column fusion_builder_column fusion-builder-column-9 fusion_builder_column_1_4 1_4 fusion-one-fourth btp-ico-phone\" style=\"width:25%;width:calc(25% - ( ( 4% + 4% + 4% ) * 0.25 ) );margin-right: 4%;margin-top:20px;margin-bottom:20px;\"><div class=\"fusion-column-wrapper fusion-flex-column-wrapper-legacy\" style=\"background-position:left top;background-repeat:no-repeat;-webkit-background-size:cover;-moz-background-size:cover;-o-background-size:cover;background-size:cover;padding: 0px 0px 0px 0px;\"><div class=\"fusion-text fusion-text-7\"><p><a href=\"tel:+352 26 02 71\">+352 26 02 71<\/a><\/p>\n<\/div><div class=\"fusion-clearfix\"><\/div><\/div><\/div><div class=\"fusion-layout-column fusion_builder_column fusion-builder-column-10 fusion_builder_column_1_4 1_4 fusion-one-fourth btp-ico-fax\" style=\"width:25%;width:calc(25% - ( ( 4% + 4% + 4% ) * 0.25 ) );margin-right: 4%;margin-top:20px;margin-bottom:20px;\"><div class=\"fusion-column-wrapper fusion-flex-column-wrapper-legacy\" style=\"background-position:left top;background-repeat:no-repeat;-webkit-background-size:cover;-moz-background-size:cover;-o-background-size:cover;background-size:cover;padding: 0px 0px 0px 0px;\"><div class=\"fusion-text fusion-text-8\"><p><a href=\"fax:0035226203615\">+352 26 20 36 15<\/a><\/p>\n<\/div><div class=\"fusion-clearfix\"><\/div><\/div><\/div><div class=\"fusion-layout-column fusion_builder_column fusion-builder-column-11 fusion_builder_column_1_4 1_4 fusion-one-fourth fusion-column-last btp-ico-map\" style=\"width:25%;width:calc(25% - ( ( 4% + 4% + 4% ) * 0.25 ) );margin-top:20px;margin-bottom:20px;\"><div class=\"fusion-column-wrapper fusion-flex-column-wrapper-legacy\" style=\"background-position:left top;background-repeat:no-repeat;-webkit-background-size:cover;-moz-background-size:cover;-o-background-size:cover;background-size:cover;padding: 0px 0px 0px 0px;\"><div class=\"fusion-text fusion-text-9\"><p><a href=\"https:\/\/goo.gl\/maps\/eZgK1cEfUU5zKLzx7\" target=\"_blank\" rel=\"noopener noreferrer\">16-18, Bd. Emmanuel Servais<br \/>\nB.P. 507\u00a0\u00b7 L-2015 Luxembourg<\/a><\/p>\n<\/div><div class=\"fusion-clearfix\"><\/div><\/div><\/div><\/div><\/div><\/p>\n","protected":false},"excerpt":{"rendered":"","protected":false},"author":3,"featured_media":0,"parent":0,"menu_order":0,"comment_status":"closed","ping_status":"closed","template":"100-width.php","meta":{"om_disable_all_campaigns":false,"_monsterinsights_skip_tracking":false,"_monsterinsights_sitenote_active":false,"_monsterinsights_sitenote_note":"","_monsterinsights_sitenote_category":0,"footnotes":""},"class_list":["post-2519","page","type-page","status-publish","hentry"],"acf":[],"aioseo_notices":[],"yoast_head":"<!-- This site is optimized with the Yoast SEO plugin v23.9 - https:\/\/yoast.com\/wordpress\/plugins\/seo\/ -->\n<title>QUI SOMMES-NOUS ? - BrucherLaw<\/title>\n<meta name=\"robots\" content=\"index, follow, max-snippet:-1, max-image-preview:large, max-video-preview:-1\" \/>\n<link rel=\"canonical\" href=\"https:\/\/brucherlaw.lu\/fr\/quisommesnous-2\/\" \/>\n<meta property=\"og:locale\" content=\"fr_FR\" \/>\n<meta property=\"og:type\" content=\"article\" \/>\n<meta property=\"og:title\" content=\"QUI SOMMES-NOUS ? - BrucherLaw\" \/>\n<meta property=\"og:url\" content=\"https:\/\/brucherlaw.lu\/fr\/quisommesnous-2\/\" \/>\n<meta property=\"og:site_name\" content=\"BrucherLaw\" \/>\n<meta property=\"article:modified_time\" content=\"2026-02-11T09:20:00+00:00\" \/>\n<meta property=\"og:image\" content=\"https:\/\/brucherlaw.lu\/wp-content\/uploads\/Sommet-du-droit-meilleur-cabinet-luxembourg-2021.png\" \/>\n<meta name=\"twitter:card\" content=\"summary_large_image\" \/>\n<meta name=\"twitter:label1\" content=\"Est. reading time\" \/>\n\t<meta name=\"twitter:data1\" content=\"7 minutes\" \/>\n<script type=\"application\/ld+json\" class=\"yoast-schema-graph\">{\"@context\":\"https:\/\/schema.org\",\"@graph\":[{\"@type\":\"WebPage\",\"@id\":\"https:\/\/brucherlaw.lu\/fr\/quisommesnous-2\/\",\"url\":\"https:\/\/brucherlaw.lu\/fr\/quisommesnous-2\/\",\"name\":\"QUI SOMMES-NOUS ? - BrucherLaw\",\"isPartOf\":{\"@id\":\"https:\/\/brucherlaw.lu\/en\/#website\"},\"primaryImageOfPage\":{\"@id\":\"https:\/\/brucherlaw.lu\/fr\/quisommesnous-2\/#primaryimage\"},\"image\":{\"@id\":\"https:\/\/brucherlaw.lu\/fr\/quisommesnous-2\/#primaryimage\"},\"thumbnailUrl\":\"https:\/\/brucherlaw.lu\/wp-content\/uploads\/Sommet-du-droit-meilleur-cabinet-luxembourg-2021.png\",\"datePublished\":\"2022-06-14T07:29:51+00:00\",\"dateModified\":\"2026-02-11T09:20:00+00:00\",\"breadcrumb\":{\"@id\":\"https:\/\/brucherlaw.lu\/fr\/quisommesnous-2\/#breadcrumb\"},\"inLanguage\":\"fr-FR\",\"potentialAction\":[{\"@type\":\"ReadAction\",\"target\":[\"https:\/\/brucherlaw.lu\/fr\/quisommesnous-2\/\"]}]},{\"@type\":\"ImageObject\",\"inLanguage\":\"fr-FR\",\"@id\":\"https:\/\/brucherlaw.lu\/fr\/quisommesnous-2\/#primaryimage\",\"url\":\"https:\/\/brucherlaw.lu\/wp-content\/uploads\/Sommet-du-droit-meilleur-cabinet-luxembourg-2021.png\",\"contentUrl\":\"https:\/\/brucherlaw.lu\/wp-content\/uploads\/Sommet-du-droit-meilleur-cabinet-luxembourg-2021.png\"},{\"@type\":\"BreadcrumbList\",\"@id\":\"https:\/\/brucherlaw.lu\/fr\/quisommesnous-2\/#breadcrumb\",\"itemListElement\":[{\"@type\":\"ListItem\",\"position\":1,\"name\":\"Home\",\"item\":\"https:\/\/brucherlaw.lu\/fr\/\"},{\"@type\":\"ListItem\",\"position\":2,\"name\":\"QUI SOMMES-NOUS ?\"}]},{\"@type\":\"WebSite\",\"@id\":\"https:\/\/brucherlaw.lu\/en\/#website\",\"url\":\"https:\/\/brucherlaw.lu\/en\/\",\"name\":\"BrucherLaw\",\"description\":\"Legal expertise and tailor-made solutions for businesses and entrepreneurs\",\"potentialAction\":[{\"@type\":\"SearchAction\",\"target\":{\"@type\":\"EntryPoint\",\"urlTemplate\":\"https:\/\/brucherlaw.lu\/en\/?s={search_term_string}\"},\"query-input\":{\"@type\":\"PropertyValueSpecification\",\"valueRequired\":true,\"valueName\":\"search_term_string\"}}],\"inLanguage\":\"fr-FR\"}]}<\/script>\n<!-- \/ Yoast SEO plugin. -->","yoast_head_json":{"title":"QUI SOMMES-NOUS ? - BrucherLaw","robots":{"index":"index","follow":"follow","max-snippet":"max-snippet:-1","max-image-preview":"max-image-preview:large","max-video-preview":"max-video-preview:-1"},"canonical":"https:\/\/brucherlaw.lu\/fr\/quisommesnous-2\/","og_locale":"fr_FR","og_type":"article","og_title":"QUI SOMMES-NOUS ? - BrucherLaw","og_url":"https:\/\/brucherlaw.lu\/fr\/quisommesnous-2\/","og_site_name":"BrucherLaw","article_modified_time":"2026-02-11T09:20:00+00:00","og_image":[{"url":"https:\/\/brucherlaw.lu\/wp-content\/uploads\/Sommet-du-droit-meilleur-cabinet-luxembourg-2021.png"}],"twitter_card":"summary_large_image","twitter_misc":{"Est. reading time":"7 minutes"},"schema":{"@context":"https:\/\/schema.org","@graph":[{"@type":"WebPage","@id":"https:\/\/brucherlaw.lu\/fr\/quisommesnous-2\/","url":"https:\/\/brucherlaw.lu\/fr\/quisommesnous-2\/","name":"QUI SOMMES-NOUS ? - BrucherLaw","isPartOf":{"@id":"https:\/\/brucherlaw.lu\/en\/#website"},"primaryImageOfPage":{"@id":"https:\/\/brucherlaw.lu\/fr\/quisommesnous-2\/#primaryimage"},"image":{"@id":"https:\/\/brucherlaw.lu\/fr\/quisommesnous-2\/#primaryimage"},"thumbnailUrl":"https:\/\/brucherlaw.lu\/wp-content\/uploads\/Sommet-du-droit-meilleur-cabinet-luxembourg-2021.png","datePublished":"2022-06-14T07:29:51+00:00","dateModified":"2026-02-11T09:20:00+00:00","breadcrumb":{"@id":"https:\/\/brucherlaw.lu\/fr\/quisommesnous-2\/#breadcrumb"},"inLanguage":"fr-FR","potentialAction":[{"@type":"ReadAction","target":["https:\/\/brucherlaw.lu\/fr\/quisommesnous-2\/"]}]},{"@type":"ImageObject","inLanguage":"fr-FR","@id":"https:\/\/brucherlaw.lu\/fr\/quisommesnous-2\/#primaryimage","url":"https:\/\/brucherlaw.lu\/wp-content\/uploads\/Sommet-du-droit-meilleur-cabinet-luxembourg-2021.png","contentUrl":"https:\/\/brucherlaw.lu\/wp-content\/uploads\/Sommet-du-droit-meilleur-cabinet-luxembourg-2021.png"},{"@type":"BreadcrumbList","@id":"https:\/\/brucherlaw.lu\/fr\/quisommesnous-2\/#breadcrumb","itemListElement":[{"@type":"ListItem","position":1,"name":"Home","item":"https:\/\/brucherlaw.lu\/fr\/"},{"@type":"ListItem","position":2,"name":"QUI SOMMES-NOUS ?"}]},{"@type":"WebSite","@id":"https:\/\/brucherlaw.lu\/en\/#website","url":"https:\/\/brucherlaw.lu\/en\/","name":"BrucherLaw","description":"Legal expertise and tailor-made solutions for businesses and entrepreneurs","potentialAction":[{"@type":"SearchAction","target":{"@type":"EntryPoint","urlTemplate":"https:\/\/brucherlaw.lu\/en\/?s={search_term_string}"},"query-input":{"@type":"PropertyValueSpecification","valueRequired":true,"valueName":"search_term_string"}}],"inLanguage":"fr-FR"}]}},"_links":{"self":[{"href":"https:\/\/brucherlaw.lu\/fr\/wp-json\/wp\/v2\/pages\/2519","targetHints":{"allow":["GET"]}}],"collection":[{"href":"https:\/\/brucherlaw.lu\/fr\/wp-json\/wp\/v2\/pages"}],"about":[{"href":"https:\/\/brucherlaw.lu\/fr\/wp-json\/wp\/v2\/types\/page"}],"author":[{"embeddable":true,"href":"https:\/\/brucherlaw.lu\/fr\/wp-json\/wp\/v2\/users\/3"}],"replies":[{"embeddable":true,"href":"https:\/\/brucherlaw.lu\/fr\/wp-json\/wp\/v2\/comments?post=2519"}],"version-history":[{"count":22,"href":"https:\/\/brucherlaw.lu\/fr\/wp-json\/wp\/v2\/pages\/2519\/revisions"}],"predecessor-version":[{"id":5790,"href":"https:\/\/brucherlaw.lu\/fr\/wp-json\/wp\/v2\/pages\/2519\/revisions\/5790"}],"wp:attachment":[{"href":"https:\/\/brucherlaw.lu\/fr\/wp-json\/wp\/v2\/media?parent=2519"}],"curies":[{"name":"wp","href":"https:\/\/api.w.org\/{rel}","templated":true}]}}